{"id":97,"date":"2018-04-05T10:05:56","date_gmt":"2018-04-05T08:05:56","guid":{"rendered":"http:\/\/lokator-wloszczowa.pl\/?page_id=97"},"modified":"2025-06-18T08:40:24","modified_gmt":"2025-06-18T06:40:24","slug":"sklad-rn","status":"publish","type":"page","link":"https:\/\/lokator-wloszczowa.pl\/index.php\/sklad-rn\/","title":{"rendered":"Sk\u0142ad RN"},"content":{"rendered":"<h3><span style=\"color: #000000;\"><a style=\"color: #000000;\" href=\"http:\/\/lokator-wloszczowa.pl\/wp-content\/uploads\/2018\/04\/Sk\u0142ad-Rady-Nadzorczej.pdf\">Sk\u0142ad Rady Nadzorczej<\/a><\/span><\/h3>\n\n\n<p><strong>SK\u0141AD\nRADY NADZORCZEJ <\/strong><\/p>\n\n\n\n<figure class=\"wp-block-table aligncenter is-style-regular\"><table class=\"has-fixed-layout\"><tbody><tr><td>\n  <strong>&nbsp;<\/strong>\n  <strong>L.p<\/strong>\n  <\/td><td class=\"has-text-align-center\" data-align=\"center\">  <strong>IMI\u0118 I  NAZWISKO <\/strong>   <\/td><td class=\"has-text-align-center\" data-align=\"center\">   <strong>&nbsp;<\/strong>       <strong>FUNKCJA <\/strong>   <strong>&nbsp;<\/strong>   <\/td><\/tr><tr><td>\n  &nbsp;\n  1.\n  <\/td><td class=\"has-text-align-center\" data-align=\"center\">   \u00a0   Sylwester Kowalski<\/td><td class=\"has-text-align-center\" data-align=\"center\">\n  &nbsp;\n  Przewodnicz\u0105cy RN\n  <\/td><\/tr><tr><td>\n  &nbsp;\n  2.\n  <\/td><td class=\"has-text-align-center\" data-align=\"center\">   \u00a0 Stanis\u0142aw Buczy\u0144ski   <\/td><td class=\"has-text-align-center\" data-align=\"center\">\n  &nbsp;\n  Zast\u0119pca Przewodnicz\u0105cego RN\n  <\/td><\/tr><tr><td>\n  &nbsp;\n  3.\n  <\/td><td class=\"has-text-align-center\" data-align=\"center\">   &nbsp;  Monika Mularczyk&nbsp;   <\/td><td class=\"has-text-align-center\" data-align=\"center\">\n  &nbsp;\n  Sekretarz RN\n  <\/td><\/tr><tr><td>\n  &nbsp;\n  4.\n  <\/td><td class=\"has-text-align-center\" data-align=\"center\">   Marcin Miszkowski<\/td><td class=\"has-text-align-center\" data-align=\"center\">\n  &nbsp;\n  Przewodnicz\u0105cy Komisji GZM\n  <\/td><\/tr><tr><td>\n  &nbsp;\n  5.\n  <\/td><td class=\"has-text-align-center\" data-align=\"center\">   \u00a0   Jacek Ostrowski <\/td><td class=\"has-text-align-center\" data-align=\"center\">\n  &nbsp;\n  Cz\u0142onek Komisji GZM\n  <\/td><\/tr><tr><td>\n  &nbsp;\n  6.\n  <\/td><td class=\"has-text-align-center\" data-align=\"center\">   \u00a0   Tomasz Str\u0105czy\u0144ski<\/td><td class=\"has-text-align-center\" data-align=\"center\">\n  &nbsp;\n  Cz\u0142onek Komisji GZM \n  <\/td><\/tr><tr><td>\n  &nbsp;\n  7.\n  <\/td><td class=\"has-text-align-center\" data-align=\"center\">   \u00a0   Agnieszka Szczepara-Dynus\u00a0   <\/td><td class=\"has-text-align-center\" data-align=\"center\">\n  &nbsp;\n  Przewodnicz\u0105ca Komisji Rewizyjnej \n  <\/td><\/tr><tr><td>\n  &nbsp;\n  8.\n  <\/td><td class=\"has-text-align-center\" data-align=\"center\">   \u00a0   Agata Tomasik  \u00a0   <\/td><td class=\"has-text-align-center\" data-align=\"center\">\n  &nbsp;\n  Cz\u0142onek Komisji Rewizyjnej\n  <\/td><\/tr><tr><td>\n  &nbsp;\n  9.\n  <\/td><td class=\"has-text-align-center\" data-align=\"center\">   \u00a0   Karol Michalak   \u00a0   <\/td><td class=\"has-text-align-center\" data-align=\"center\">\n  &nbsp;\n  Cz\u0142onek Komisji Rewizyjnej \n  <\/td><\/tr><\/tbody><\/table><\/figure>\n","protected":false},"excerpt":{"rendered":"<p>Sk\u0142ad Rady Nadzorczej SK\u0141AD RADY NADZORCZEJ &nbsp; L.p IMI\u0118 I NAZWISKO &nbsp; FUNKCJA &nbsp; &nbsp; 1. \u00a0 Sylwester Kowalski &nbsp; Przewodnicz\u0105cy RN &nbsp; 2. \u00a0 Stanis\u0142aw Buczy\u0144ski &nbsp; Zast\u0119pca Przewodnicz\u0105cego RN &nbsp; 3. &nbsp; Monika Mularczyk&nbsp; &nbsp; Sekretarz RN &nbsp; 4. Marcin Miszkowski &nbsp; Przewodnicz\u0105cy Komisji GZM &nbsp; 5. \u00a0 Jacek Ostrowski &nbsp; Cz\u0142onek Komisji [&hellip;]<\/p>\n","protected":false},"author":1,"featured_media":0,"parent":0,"menu_order":0,"comment_status":"closed","ping_status":"closed","template":"","meta":[],"_links":{"self":[{"href":"https:\/\/lokator-wloszczowa.pl\/index.php\/wp-json\/wp\/v2\/pages\/97"}],"collection":[{"href":"https:\/\/lokator-wloszczowa.pl\/index.php\/wp-json\/wp\/v2\/pages"}],"about":[{"href":"https:\/\/lokator-wloszczowa.pl\/index.php\/wp-json\/wp\/v2\/types\/page"}],"author":[{"embeddable":true,"href":"https:\/\/lokator-wloszczowa.pl\/index.php\/wp-json\/wp\/v2\/users\/1"}],"replies":[{"embeddable":true,"href":"https:\/\/lokator-wloszczowa.pl\/index.php\/wp-json\/wp\/v2\/comments?post=97"}],"version-history":[{"count":27,"href":"https:\/\/lokator-wloszczowa.pl\/index.php\/wp-json\/wp\/v2\/pages\/97\/revisions"}],"predecessor-version":[{"id":2152,"href":"https:\/\/lokator-wloszczowa.pl\/index.php\/wp-json\/wp\/v2\/pages\/97\/revisions\/2152"}],"wp:attachment":[{"href":"https:\/\/lokator-wloszczowa.pl\/index.php\/wp-json\/wp\/v2\/media?parent=97"}],"curies":[{"name":"wp","href":"https:\/\/api.w.org\/{rel}","templated":true}]}}