{"id":93,"date":"2018-04-05T10:04:05","date_gmt":"2018-04-05T08:04:05","guid":{"rendered":"http:\/\/lokator-wloszczowa.pl\/?page_id=93"},"modified":"2025-06-17T08:48:37","modified_gmt":"2025-06-17T06:48:37","slug":"uchwaly-wz","status":"publish","type":"page","link":"https:\/\/lokator-wloszczowa.pl\/index.php\/uchwaly-wz\/","title":{"rendered":"Uchwa\u0142y WZ"},"content":{"rendered":"<h3>Uchwa\u0142y WZ 2025<\/h3>\n<h3><a href=\"http:\/\/lokator-wloszczowa.pl\/wp-content\/uploads\/2025\/06\/SKM_C284e25061708560.pdf\">Uchwa\u0142y Kolegium WZ 2025r.<\/a><\/h3>\n<h3><a href=\"http:\/\/lokator-wloszczowa.pl\/wp-content\/uploads\/2025\/06\/SKM_C284e25061708500.pdf\">Uchwa\u0142y WZ cz\u0119\u015b\u0107 II 12.06.2025r.<\/a><\/h3>\n<h3><a href=\"http:\/\/lokator-wloszczowa.pl\/wp-content\/uploads\/2025\/06\/SKM_C284e25061708460.pdf\">Uchwa\u0142y WZ cz\u0119\u015b\u0107 I 11.06.2025r.<\/a><\/h3>\n<h3>Uchwa\u0142y WZ 2024<\/h3>\n<h3><a href=\"http:\/\/lokator-wloszczowa.pl\/wp-content\/uploads\/2024\/05\/SKM_C284e24052908342.pdf\">Uchwa\u0142a WZ Nr 6-2024<\/a><\/h3>\n<h3><a href=\"http:\/\/lokator-wloszczowa.pl\/wp-content\/uploads\/2024\/05\/SKM_C284e24052908341.pdf\">Uchwa\u0142a WZ Nr 5-2024<\/a><\/h3>\n<h3><a href=\"http:\/\/lokator-wloszczowa.pl\/wp-content\/uploads\/2024\/05\/SKM_C284e24052908340.pdf\">Uchwa\u0142a WZ Nr 4-2024<\/a><\/h3>\n<h3><a href=\"http:\/\/lokator-wloszczowa.pl\/wp-content\/uploads\/2024\/05\/SKM_C284e24052908332.pdf\">Uchwa\u0142a WZ Nr 3-2024<\/a><\/h3>\n<h3><a href=\"http:\/\/lokator-wloszczowa.pl\/wp-content\/uploads\/2024\/05\/SKM_C284e24052908331.pdf\">Uchwa\u0142a WZ Nr 2-2024<\/a><\/h3>\n<h3><a href=\"http:\/\/lokator-wloszczowa.pl\/wp-content\/uploads\/2024\/05\/SKM_C284e24052908330.pdf\">Uchwa\u0142a WZ Nr 1-2024\u00a0<\/a><\/h3>\n<h3>Uchwa\u0142y WZ 2023<\/h3>\n<h3><a href=\"http:\/\/lokator-wloszczowa.pl\/wp-content\/uploads\/2023\/06\/SKM_C284e23062109360.pdf\">Uchwa\u0142y Walnego Zgromadzenia 2023r.<\/a><\/h3>\n<h3>Uchwa\u0142y WZ 2022<\/h3>\n<h3><a href=\"http:\/\/lokator-wloszczowa.pl\/wp-content\/uploads\/2022\/07\/Uchwa\u0142y-Kolegium-WZ-2022r..pdf\">Uchwa\u0142y Kolegium WZ 2022r.<\/a><\/h3>\n<h3><a href=\"http:\/\/lokator-wloszczowa.pl\/wp-content\/uploads\/2022\/07\/Uchwa\u0142y-WZ-cz.-I.pdf\">Uchwa\u0142y WZ cz. I 04.07.2022r.<\/a><\/h3>\n<h3><a href=\"http:\/\/lokator-wloszczowa.pl\/wp-content\/uploads\/2022\/07\/Uchwa\u0142y-WZ-cz.-II.pdf\">Uchwa\u0142y WZ cz. II 05.07.2022r.<\/a><\/h3>\n<h3><a href=\"http:\/\/lokator-wloszczowa.pl\/wp-content\/uploads\/2022\/07\/Uchwa\u0142y-WZ-cz.-III.pdf\">Uchwa\u0142y WZ cz. III 06.07.2022r.<\/a><\/h3>\n<h3>Uchwa\u0142y WZ 2019<\/h3>\n<h3><a href=\"http:\/\/lokator-wloszczowa.pl\/wp-content\/uploads\/2019\/06\/Uchwa\u0142a-Nr-10-2019-WZ.pdf\">Uchwa\u0142a Nr 10-2019 WZ<\/a><\/h3>\n<h3><a href=\"http:\/\/lokator-wloszczowa.pl\/wp-content\/uploads\/2019\/06\/Uchwa\u0142a-Nr-9-1029-WZ.pdf\">Uchwa\u0142a Nr 9-2019 WZ<\/a><\/h3>\n<h3><a href=\"http:\/\/lokator-wloszczowa.pl\/wp-content\/uploads\/2019\/06\/Uchwa\u0142a-Nr-8-2019-WZ.pdf\">Uchwa\u0142a Nr 8-2019 WZ<\/a><\/h3>\n<h3><a href=\"http:\/\/lokator-wloszczowa.pl\/wp-content\/uploads\/2019\/06\/Uchwa\u0142a-Nr-7c-2019-WZ.pdf\">Uchwa\u0142a Nr 7c-2019 WZ<\/a><\/h3>\n<h3><a href=\"http:\/\/lokator-wloszczowa.pl\/wp-content\/uploads\/2019\/06\/Uchwa\u0142a-Nr-7b-2019-WZ.pdf\">Uchwa\u0142a Nr 7b-2019 WZ<\/a><\/h3>\n<h3><a href=\"http:\/\/lokator-wloszczowa.pl\/wp-content\/uploads\/2019\/06\/Uchwa\u0142a-Nr-7a-2019-WZ.pdf\">Uchwa\u0142a Nr 7a-2019 WZ<\/a><\/h3>\n<h3><a href=\"http:\/\/lokator-wloszczowa.pl\/wp-content\/uploads\/2019\/06\/Uchwa\u0142a-Nr-6-2019-WZ.pdf\">Uchwa\u0142a Nr 6-2019 WZ<\/a><\/h3>\n<h3><a href=\"http:\/\/lokator-wloszczowa.pl\/wp-content\/uploads\/2019\/06\/Uchwa\u0142a-Nr-5b-2019-WZ.pdf\">Uchwa\u0142a Nr 5b-2019 WZ<\/a><\/h3>\n<h3><a href=\"http:\/\/lokator-wloszczowa.pl\/wp-content\/uploads\/2019\/06\/Uchwa\u0142a-Nr-5a-2019-WZ.pdf\">Uchwa\u0142a Nr 5a-2019 WZ<\/a><\/h3>\n<h3><a href=\"http:\/\/lokator-wloszczowa.pl\/wp-content\/uploads\/2019\/06\/Uchwa\u0142a-Nr-4-2019-WZ.pdf\">Uchwa\u0142a Nr 4-2019 WZ<\/a><\/h3>\n<h3><a href=\"http:\/\/lokator-wloszczowa.pl\/wp-content\/uploads\/2019\/06\/Uchwa\u0142a-Nr-3-2019-WZ.pdf\">Uchwa\u0142a Nr 3-2019 WZ<\/a><\/h3>\n<h3><a href=\"http:\/\/lokator-wloszczowa.pl\/wp-content\/uploads\/2019\/06\/Uchwa\u0142a-nr-2-2019-WZ.pdf\">Uchwa\u0142a nr 2-2019 WZ<\/a><\/h3>\n<h3><a href=\"http:\/\/lokator-wloszczowa.pl\/wp-content\/uploads\/2019\/06\/Uchwa\u0142a-Nr-1-2019-WZ.pdf\">Uchwa\u0142a Nr 1-2019 WZ<\/a><\/h3>\n<h3><a href=\"http:\/\/lokator-wloszczowa.pl\/wp-content\/uploads\/2019\/04\/Uchwa\u0142a-Nr-1-2018-z-19.12.2018r.-Nadzywczajne-Walne-Zgromadzenie.pdf\">Uchwa\u0142a Nr 1-2018 z 19.12.2018r. Nadzywczajne Walne Zgromadzenie<\/a><\/h3>\n<h3><a href=\"http:\/\/lokator-wloszczowa.pl\/wp-content\/uploads\/2018\/07\/Uchwa\u0142a-Nr-1-2018-WZ.pdf\">Uchwa\u0142a Nr 1-2018 WZ<\/a><\/h3>\n<h3><a href=\"http:\/\/lokator-wloszczowa.pl\/wp-content\/uploads\/2018\/07\/Uchwa\u0142a-Nr-2-2018-WZ.pdf\">Uchwa\u0142a Nr 2-2018 WZ<\/a><\/h3>\n<h3><a href=\"http:\/\/lokator-wloszczowa.pl\/wp-content\/uploads\/2018\/07\/Uchwa\u0142a-Nr-3-2018-WZ.pdf\">Uchwa\u0142a Nr 3-2018 WZ<\/a><\/h3>\n<h3><a href=\"http:\/\/lokator-wloszczowa.pl\/wp-content\/uploads\/2018\/07\/Uchwa\u0142a-Nr-4a-2018-WZ.pdf\">Uchwa\u0142a Nr 4a-2018 WZ<\/a><\/h3>\n<h3><a href=\"http:\/\/lokator-wloszczowa.pl\/wp-content\/uploads\/2018\/07\/Uchwa\u0142a-Nr-4b-2018-WZ.pdf\">Uchwa\u0142a Nr 4b-2018 WZ<\/a><\/h3>\n<h3><a href=\"http:\/\/lokator-wloszczowa.pl\/wp-content\/uploads\/2018\/07\/Uchwa\u0142a-Nr-4c-2018-WZ.pdf\">Uchwa\u0142a Nr 4c-2018 WZ<\/a><\/h3>\n<h3><a href=\"http:\/\/lokator-wloszczowa.pl\/wp-content\/uploads\/2018\/07\/Uchwa\u0142a-Nr-5-2018-WZ.pdf\">Uchwa\u0142a Nr 5-2018 WZ<\/a><\/h3>\n<h3><a href=\"http:\/\/lokator-wloszczowa.pl\/wp-content\/uploads\/2018\/07\/STATUT-12-05-2018.pdf\">STATUT 2018<\/a><\/h3>\n<h3><a href=\"http:\/\/lokator-wloszczowa.pl\/wp-content\/uploads\/2018\/07\/Uchwa\u0142a-Nr-7-2018-WZ.pdf\">Uchwa\u0142a Nr 7-2018 WZ<\/a><\/h3>\n","protected":false},"excerpt":{"rendered":"<p>Uchwa\u0142y WZ 2025 Uchwa\u0142y Kolegium WZ 2025r. Uchwa\u0142y WZ cz\u0119\u015b\u0107 II 12.06.2025r. Uchwa\u0142y WZ cz\u0119\u015b\u0107 I 11.06.2025r. Uchwa\u0142y WZ 2024 Uchwa\u0142a WZ Nr 6-2024 Uchwa\u0142a WZ Nr 5-2024 Uchwa\u0142a WZ Nr 4-2024 Uchwa\u0142a WZ Nr 3-2024 Uchwa\u0142a WZ Nr 2-2024 Uchwa\u0142a WZ Nr 1-2024\u00a0 Uchwa\u0142y WZ 2023 Uchwa\u0142y Walnego Zgromadzenia 2023r. Uchwa\u0142y WZ 2022 Uchwa\u0142y [&hellip;]<\/p>\n","protected":false},"author":1,"featured_media":0,"parent":0,"menu_order":0,"comment_status":"closed","ping_status":"closed","template":"","meta":[],"_links":{"self":[{"href":"https:\/\/lokator-wloszczowa.pl\/index.php\/wp-json\/wp\/v2\/pages\/93"}],"collection":[{"href":"https:\/\/lokator-wloszczowa.pl\/index.php\/wp-json\/wp\/v2\/pages"}],"about":[{"href":"https:\/\/lokator-wloszczowa.pl\/index.php\/wp-json\/wp\/v2\/types\/page"}],"author":[{"embeddable":true,"href":"https:\/\/lokator-wloszczowa.pl\/index.php\/wp-json\/wp\/v2\/users\/1"}],"replies":[{"embeddable":true,"href":"https:\/\/lokator-wloszczowa.pl\/index.php\/wp-json\/wp\/v2\/comments?post=93"}],"version-history":[{"count":18,"href":"https:\/\/lokator-wloszczowa.pl\/index.php\/wp-json\/wp\/v2\/pages\/93\/revisions"}],"predecessor-version":[{"id":2140,"href":"https:\/\/lokator-wloszczowa.pl\/index.php\/wp-json\/wp\/v2\/pages\/93\/revisions\/2140"}],"wp:attachment":[{"href":"https:\/\/lokator-wloszczowa.pl\/index.php\/wp-json\/wp\/v2\/media?parent=93"}],"curies":[{"name":"wp","href":"https:\/\/api.w.org\/{rel}","templated":true}]}}